{"id":3509,"date":"2026-07-17T06:11:53","date_gmt":"2026-07-17T06:11:53","guid":{"rendered":"https:\/\/pruvodistribution.com\/?post_type=product&#038;p=3509"},"modified":"2026-07-17T06:11:54","modified_gmt":"2026-07-17T06:11:54","slug":"climatiseur-mobile-airgreen-ag-uv-3100-w","status":"publish","type":"product","link":"https:\/\/pruvodistribution.com\/en\/product\/climatiseur-mobile-airgreen-ag-uv-3100-w\/","title":{"rendered":"Climatiseur mobile AIRGREEN Ag-uv 3100 W"},"content":{"rendered":"<h1 class=\"product_title entry-title\">Climatiseur mobile AIRGREEN Ag-uv 3100 W<\/h1>\n<ul class=\"tabs wc-tabs\" role=\"tablist\">\n<li id=\"tab-title-description\" class=\"description_tab active\" role=\"presentation\">\n<h3>Description<\/h3>\n<\/li>\n<\/ul>\n<div id=\"tab-description\" class=\"woocommerce-Tabs-panel woocommerce-Tabs-panel--description panel entry-content wc-tab\" role=\"tabpanel\" aria-labelledby=\"tab-title-description\">\n<p>Climatiseur Mobile avec d\u00e9sinfection de l\u2019air avec lampe UVC.<\/p>\n<p>Exclusif \u2013 Climatiseur Mobile Germicide UVC 3.1 kW Fraicheur, Ventilation et d\u00e9sinfection dans la maison. Prot\u00e8ge votre environnement gr\u00e2ce a sa lampe UVC de tous type de virus, microbes et bact\u00e9rie pr\u00e9sent dans l\u2019air.<\/p>\n<table id=\"main-characteristics-items\" class=\"o-product-features\" role=\"presentation\" data-cerberus=\"TABLE_AttributesProduct\">\n<tbody>\n<tr class=\"m-product-attr-row\">\n<th class=\"m-product-attr-row__name\" scope=\"row\">Type de produit<\/th>\n<td class=\"m-product-attr-row__value\">Climatiseur mobile<\/td>\n<\/tr>\n<tr class=\"m-product-attr-row\">\n<th class=\"m-product-attr-row__name\" scope=\"row\">Surface maximum de climatisation (en m\u00b2)<\/th>\n<td class=\"m-product-attr-row__value\">31<\/td>\n<\/tr>\n<tr class=\"m-product-attr-row\">\n<th class=\"m-product-attr-row__name\" scope=\"row\">Classe d\u2019\u00e9nergie frigorifique (A+++ \u00e0 D)<\/th>\n<td class=\"m-product-attr-row__value\">A<\/td>\n<\/tr>\n<tr class=\"m-product-attr-row\">\n<th class=\"m-product-attr-row__name\" scope=\"row\">Objet connect\u00e9<\/th>\n<td class=\"m-product-attr-row__value\">Non<\/td>\n<\/tr>\n<tr class=\"m-product-attr-row\">\n<th class=\"m-product-attr-row__name\" scope=\"row\">Niveau sonore minimum (en dB)<\/th>\n<td class=\"m-product-attr-row__value\">50<\/td>\n<\/tr>\n<tr class=\"m-product-attr-row\">\n<th class=\"m-product-attr-row__name\" scope=\"row\">Niveau sonore maximum (en dB)<\/th>\n<td class=\"m-product-attr-row__value\">65<\/td>\n<\/tr>\n<tr class=\"m-product-attr-row\">\n<th class=\"m-product-attr-row__name\" scope=\"row\">Mode silence<\/th>\n<td class=\"m-product-attr-row__value\">Oui<\/td>\n<\/tr>\n<tr class=\"m-product-attr-row\">\n<th class=\"m-product-attr-row__name\" scope=\"row\">Fonction d\u00e9shumidificateur<\/th>\n<td class=\"m-product-attr-row__value\">Oui<\/td>\n<\/tr>\n<tr class=\"m-product-attr-row\">\n<th class=\"m-product-attr-row__name\" scope=\"row\">D\u00e9shumidificateur (en l\/h)<\/th>\n<td class=\"m-product-attr-row__value\">0.8<\/td>\n<\/tr>\n<tr class=\"m-product-attr-row\">\n<th class=\"m-product-attr-row__name\" scope=\"row\">Fonction ventilation<\/th>\n<td class=\"m-product-attr-row__value\">Oui<\/td>\n<\/tr>\n<tr class=\"m-product-attr-row\">\n<th class=\"m-product-attr-row__name\" scope=\"row\">Nombre de vitesses de ventilation<\/th>\n<td class=\"m-product-attr-row__value\">2<\/td>\n<\/tr>\n<tr class=\"m-product-attr-row\">\n<th class=\"m-product-attr-row__name\" scope=\"row\">Poids du produit nu (en kg)<\/th>\n<td class=\"m-product-attr-row__value\">24<\/td>\n<\/tr>\n<tr class=\"m-product-attr-row\">\n<th class=\"m-product-attr-row__name\" scope=\"row\">Longueur de la gaine pour le transfert d\u2019air (en m)<\/th>\n<td class=\"m-product-attr-row__value\">1.5<\/td>\n<\/tr>\n<tr class=\"m-product-attr-row\">\n<th class=\"m-product-attr-row__name\" scope=\"row\">Type de filtre<\/th>\n<td class=\"m-product-attr-row__value\">Antipoussi\u00e8re<\/td>\n<\/tr>\n<tr class=\"m-product-attr-row\">\n<th class=\"m-product-attr-row__name\" scope=\"row\">T\u00e9l\u00e9commande incluse<\/th>\n<td class=\"m-product-attr-row__value\">Oui<\/td>\n<\/tr>\n<tr class=\"m-product-attr-row\">\n<th class=\"m-product-attr-row__name\" scope=\"row\">Poign\u00e9e de transport<\/th>\n<td class=\"m-product-attr-row__value\">Oui<\/td>\n<\/tr>\n<tr class=\"m-product-attr-row\">\n<th class=\"m-product-attr-row__name\" scope=\"row\">Marque du produit<\/th>\n<td class=\"m-product-attr-row__value\">AIRGREEN<\/td>\n<\/tr>\n<tr class=\"m-product-attr-row\">\n<th class=\"m-product-attr-row__name\" scope=\"row\">Pays de fabrication<\/th>\n<td class=\"m-product-attr-row__value\">Chine<\/td>\n<\/tr>\n<tr class=\"m-product-attr-row\">\n<th class=\"m-product-attr-row__name\" scope=\"row\">Indication du geste de tri (triman)<\/th>\n<td class=\"m-product-attr-row__value\">Nos produits et emballages peuvent faire l\u2019objet d\u2019une consigne de tri. Pour en savoir plus : www.quefairedemesdechets.fr<\/td>\n<\/tr>\n<tr class=\"m-product-attr-row\">\n<th class=\"m-product-attr-row__name\" scope=\"row\">Garantie (inclut la garantie l\u00e9gale de conformit\u00e9) (en ann\u00e9es)<\/th>\n<td class=\"m-product-attr-row__value\">3<\/td>\n<\/tr>\n<tr class=\"m-product-attr-row\">\n<th class=\"m-product-attr-row__name\" scope=\"row\">Produit emball\u00e9 : poids (en kg)<\/th>\n<td class=\"m-product-attr-row__value\">25<\/td>\n<\/tr>\n<tr class=\"m-product-attr-row\">\n<th class=\"m-product-attr-row__name\" scope=\"row\">Produit emball\u00e9 : largeur (en cm)<\/th>\n<td class=\"m-product-attr-row__value\">37<\/td>\n<\/tr>\n<tr class=\"m-product-attr-row\">\n<th class=\"m-product-attr-row__name\" scope=\"row\">Produit emball\u00e9 : hauteur (en cm)<\/th>\n<td class=\"m-product-attr-row__value\">88<\/td>\n<\/tr>\n<tr class=\"m-product-attr-row\">\n<th class=\"m-product-attr-row__name\" scope=\"row\">Produit emball\u00e9 : profondeur (en cm)<\/th>\n<td class=\"m-product-attr-row__value\">32<\/td>\n<\/tr>\n<\/tbody>\n<\/table>\n<div class=\"mc-drawer__header\">\n<h2 id=\"dimensions_du_produit_emballe-997\" class=\"mc-drawer__title\">Dimensions du produit emball\u00e9<\/h2>\n<\/div>\n<div class=\"mc-drawer__body\">\n<div class=\"mc-drawer__content\" tabindex=\"0\">\n<div class=\"m-packagingDimensions ml-flexy ml-flexy--items-center\">\n<div class=\"ml-flexy__col--full ml-flexy__col--2of3@from-l\">\n<table class=\"o-product-features\" role=\"presentation\">\n<caption class=\"mu-accessibility-hidden\">\u00a0<\/caption>\n<tbody>\n<tr class=\"m-product-attr-row\">\n<th class=\"m-product-attr-row__name\" scope=\"row\">Produit emball\u00e9 : largeur (en cm)<\/th>\n<td class=\"m-product-attr-row__value\">37<\/td>\n<\/tr>\n<tr class=\"m-product-attr-row\">\n<th class=\"m-product-attr-row__name\" scope=\"row\">Produit emball\u00e9 : hauteur (en cm)<\/th>\n<td class=\"m-product-attr-row__value\">88<\/td>\n<\/tr>\n<tr class=\"m-product-attr-row\">\n<th class=\"m-product-attr-row__name\" scope=\"row\">Produit emball\u00e9 : profondeur (en cm)<\/th>\n<td class=\"m-product-attr-row__value\">32<\/td>\n<\/tr>\n<tr class=\"m-product-attr-row\">\n<th class=\"m-product-attr-row__name\" scope=\"row\">Produit emball\u00e9 : poids (en kg)<\/th>\n<td class=\"m-product-attr-row__value\">25<\/td>\n<\/tr>\n<\/tbody>\n<\/table>\n<\/div>\n<\/div>\n<\/div>\n<\/div>\n<\/div>","protected":false},"excerpt":{"rendered":"<p>Climatiseur mobile AIRGREEN Ag-uv 3100 W Description Climatiseur Mobile avec d\u00e9sinfection de l\u2019air avec lampe UVC. Exclusif \u2013 Climatiseur Mobile Germicide UVC 3.1 kW Fraicheur, Ventilation et d\u00e9sinfection dans la maison. Prot\u00e8ge votre environnement gr\u00e2ce a sa lampe UVC de tous type de virus, microbes et bact\u00e9rie pr\u00e9sent dans l\u2019air. Type de produit Climatiseur mobile [&hellip;]<\/p>\n","protected":false},"featured_media":3510,"comment_status":"open","ping_status":"closed","template":"","meta":[],"product_brand":[],"product_cat":[204,298],"product_tag":[],"class_list":["post-3509","product","type-product","status-publish","has-post-thumbnail","product_cat-climatiseur","product_cat-climatiseur-portable","first","instock","shipping-taxable","purchasable","product-type-simple"],"jetpack_sharing_enabled":true,"_links":{"self":[{"href":"https:\/\/pruvodistribution.com\/en\/wp-json\/wp\/v2\/product\/3509","targetHints":{"allow":["GET"]}}],"collection":[{"href":"https:\/\/pruvodistribution.com\/en\/wp-json\/wp\/v2\/product"}],"about":[{"href":"https:\/\/pruvodistribution.com\/en\/wp-json\/wp\/v2\/types\/product"}],"replies":[{"embeddable":true,"href":"https:\/\/pruvodistribution.com\/en\/wp-json\/wp\/v2\/comments?post=3509"}],"wp:featuredmedia":[{"embeddable":true,"href":"https:\/\/pruvodistribution.com\/en\/wp-json\/wp\/v2\/media\/3510"}],"wp:attachment":[{"href":"https:\/\/pruvodistribution.com\/en\/wp-json\/wp\/v2\/media?parent=3509"}],"wp:term":[{"taxonomy":"product_brand","embeddable":true,"href":"https:\/\/pruvodistribution.com\/en\/wp-json\/wp\/v2\/product_brand?post=3509"},{"taxonomy":"product_cat","embeddable":true,"href":"https:\/\/pruvodistribution.com\/en\/wp-json\/wp\/v2\/product_cat?post=3509"},{"taxonomy":"product_tag","embeddable":true,"href":"https:\/\/pruvodistribution.com\/en\/wp-json\/wp\/v2\/product_tag?post=3509"}],"curies":[{"name":"wp","href":"https:\/\/api.w.org\/{rel}","templated":true}]}}